{"id":134,"date":"2022-08-11T12:13:00","date_gmt":"2022-08-11T10:13:00","guid":{"rendered":"https:\/\/nextbike-live.pluspol-networks.de\/strasbourg\/start\/"},"modified":"2025-09-29T15:35:14","modified_gmt":"2025-09-29T13:35:14","slug":"start","status":"publish","type":"page","link":"https:\/\/vls.velhop.strasbourg.eu\/fr\/","title":{"rendered":"start"},"content":{"rendered":"<div class=\"wpb-content-wrapper\"><p>[vc_row ppi_row_padding=\u00a0\u00bbppi_remove_padding_top,ppi_remove_padding_bottom\u00a0\u00bb full_width=\u00a0\u00bbstretch_row_content_no_spaces\u00a0\u00bb el_class=\u00a0\u00bbstage-row\u00a0\u00bb][vc_column]<div class=\"nextbike stage\">\n                    <div class=\"stage__wrapper\">\n                        <div class=\"container\">\n                            <div class=\"stage__content\"><span class=\"h3\">Louez un V\u00e9lhop en libre-service !<\/span><h1>T\u00e9l\u00e9chargez l\u2019application V\u00e9lhop<\/h1><div class=\"stage__content__stores\"><a class=\"nb-appstore-btn\" aria-label=\"Apple App Store\" href=\"https:\/\/apps.apple.com\/app\/id6466035528\" target=\"_blank\" data-custom-link=\"true\"><img decoding=\"async\" width=\"200px\" height=\"59px\" alt=\"Apple App Store\" src=\"https:\/\/vls.velhop.strasbourg.eu\/wp-content\/uploads\/2022\/07\/apple-logo.svg\" \/><\/a><a class=\"nb-appstore-btn\" aria-label=\"Google App Store\" href=\"https:\/\/play.google.com\/store\/apps\/details?id=net.nextbike.velhop2\" target=\"_blank\" data-custom-link=\"true\"><img decoding=\"async\" width=\"200px\" height=\"59px\" alt=\"Google App Store\" src=\"https:\/\/vls.velhop.strasbourg.eu\/wp-content\/uploads\/2022\/07\/google-logo.svg\" \/><\/a><\/div>\n                            <\/div>\n                        <\/div><div role=\"img\" aria-label=\"Missing alt text\" class=\"stage__parallax parallax-speed5 \" style=\"background-image: url(https:\/\/vls.velhop.strasbourg.eu\/wp-content\/uploads\/2024\/04\/sun_background_optimized-1.svg)\"><\/div>\n                   <div role=\"img\" aria-label=\"Missing alt text\" class=\"stage__parallax parallax-speed4 \" style=\"background-image: url(https:\/\/vls.velhop.strasbourg.eu\/wp-content\/uploads\/2023\/03\/City_background.svg)\"><\/div>\n                   <div role=\"img\" aria-label=\"\" class=\"stage__parallax parallax-speed3 \" style=\"background-image: url(https:\/\/vls.velhop.strasbourg.eu\/wp-content\/uploads\/sites\/66\/2023\/07\/header_LAYER-3-1.svg)\"><\/div>\n                   <div role=\"img\" aria-label=\"\" class=\"stage__parallax parallax-speed2 \" style=\"background-image: url(https:\/\/vls.velhop.strasbourg.eu\/wp-content\/uploads\/sites\/66\/2023\/07\/header_LAYER-2-1.svg)\"><\/div>\n                   <div role=\"img\" aria-label=\"\" class=\"stage__parallax parallax-speed1 \" style=\"background-image: url(https:\/\/vls.velhop.strasbourg.eu\/wp-content\/uploads\/sites\/66\/2023\/07\/header_LAYER-1-1.svg)\"><\/div><\/div>\n                <\/div>[\/vc_column][\/vc_row][vc_row ppi_row_padding=\u00a0\u00bbppi_remove_padding_top\u00a0\u00bb][vc_column]<div class=\"nextbike mockups\"><div class=\"mockups__item\">\n    <div class=\"mockups__item__container\">\n                <div class=\"mockups__item__image mockups__item__image__left\">\n                        <div class=\"mockups__item__image__img\">\n                <img loading=\"lazy\" decoding=\"async\" width=\"768\" height=\"1026\" src=\"https:\/\/vls.velhop.strasbourg.eu\/wp-content\/uploads\/sites\/66\/2023\/10\/links-3-768x1026.png\" class=\"attachment-nex-sm size-nex-sm\" alt=\"\" srcset=\"https:\/\/vls.velhop.strasbourg.eu\/wp-content\/uploads\/sites\/66\/2023\/10\/links-3-768x1026.png 768w, https:\/\/vls.velhop.strasbourg.eu\/wp-content\/uploads\/sites\/66\/2023\/10\/links-3-225x300.png 225w, https:\/\/vls.velhop.strasbourg.eu\/wp-content\/uploads\/sites\/66\/2023\/10\/links-3-766x1024.png 766w, https:\/\/vls.velhop.strasbourg.eu\/wp-content\/uploads\/sites\/66\/2023\/10\/links-3-992x1326.png 992w, https:\/\/vls.velhop.strasbourg.eu\/wp-content\/uploads\/sites\/66\/2023\/10\/links-3-480x641.png 480w, https:\/\/vls.velhop.strasbourg.eu\/wp-content\/uploads\/sites\/66\/2023\/10\/links-3-105x140.png 105w, https:\/\/vls.velhop.strasbourg.eu\/wp-content\/uploads\/sites\/66\/2023\/10\/links-3-75x100.png 75w, https:\/\/vls.velhop.strasbourg.eu\/wp-content\/uploads\/sites\/66\/2023\/10\/links-3.png 1044w\" sizes=\"auto, (max-width: 768px) 100vw, 768px\" \/>            <\/div>\n                                                            <div class=\"mockups__item__image__bg parallax\">\n                        <img loading=\"lazy\" decoding=\"async\" width=\"1\" height=\"1\" src=\"https:\/\/vls.velhop.strasbourg.eu\/wp-content\/uploads\/sites\/66\/2023\/07\/bubble-MAP.svg\" class=\"attachment-nex-md size-nex-md\" alt=\"\" \/>                    <\/div>\n                                    <\/div>\n                        <div class=\"mockups__item__content mockups__item__content__left\">\n                        <h2 class=\"h3 mockups__item__headline\">\n                Location en station automatique            <\/h2>\n                                    <p class=\"mockups__item__text\">\n                D\u00e9couvrez le nouveau syst\u00e8me V\u00e9lhop en libre-service  !\r\n\r\n\r\nL\u2019application V\u00e9lhop est disponible sur l\u2019Apple Store \ud83c\udf4f et sur Google Play \ud83e\udd16\r\n\r\n\r\n\r\n             <\/p>\n                                    <a href=\"#avantages\" target=\"_self\" title=\"D\u00e9couvrez le service V\u00e9lhop\" class=\"mockups__item__link\" >\n                D\u00e9couvrez le service V\u00e9lhop            <\/a>\n                    <\/div>\n            <\/div>\n<\/div>\n<div class=\"mockups__item\">\n    <div class=\"mockups__item__container\">\n                <div class=\"mockups__item__image mockups__item__image__right\">\n                        <div class=\"mockups__item__image__img\">\n                <img loading=\"lazy\" decoding=\"async\" width=\"768\" height=\"1026\" src=\"https:\/\/vls.velhop.strasbourg.eu\/wp-content\/uploads\/sites\/66\/2023\/07\/rechts-768x1026.png\" class=\"attachment-nex-sm size-nex-sm\" alt=\"\" srcset=\"https:\/\/vls.velhop.strasbourg.eu\/wp-content\/uploads\/sites\/66\/2023\/07\/rechts-768x1026.png 768w, https:\/\/vls.velhop.strasbourg.eu\/wp-content\/uploads\/sites\/66\/2023\/07\/rechts-225x300.png 225w, https:\/\/vls.velhop.strasbourg.eu\/wp-content\/uploads\/sites\/66\/2023\/07\/rechts-766x1024.png 766w, https:\/\/vls.velhop.strasbourg.eu\/wp-content\/uploads\/sites\/66\/2023\/07\/rechts-992x1326.png 992w, https:\/\/vls.velhop.strasbourg.eu\/wp-content\/uploads\/sites\/66\/2023\/07\/rechts-480x641.png 480w, https:\/\/vls.velhop.strasbourg.eu\/wp-content\/uploads\/sites\/66\/2023\/07\/rechts-105x140.png 105w, https:\/\/vls.velhop.strasbourg.eu\/wp-content\/uploads\/sites\/66\/2023\/07\/rechts-75x100.png 75w, https:\/\/vls.velhop.strasbourg.eu\/wp-content\/uploads\/sites\/66\/2023\/07\/rechts.png 1044w\" sizes=\"auto, (max-width: 768px) 100vw, 768px\" \/>            <\/div>\n                                                            <div class=\"mockups__item__image__bg parallax\">\n                        <img loading=\"lazy\" decoding=\"async\" width=\"1\" height=\"1\" src=\"https:\/\/vls.velhop.strasbourg.eu\/wp-content\/uploads\/sites\/66\/2023\/07\/bubble-SCAN.svg\" class=\"attachment-nex-md size-nex-md\" alt=\"\" \/>                    <\/div>\n                                    <\/div>\n                        <div class=\"mockups__item__content mockups__item__content__right\">\n                        <h2 class=\"h3 mockups__item__headline\">\n                Location &amp; restitution            <\/h2>\n                                    <p class=\"mockups__item__text\">\n                La location se fait de fa\u00e7on simple et rapide. Le v\u00e9lo est \u00e0 retourner \u00e0 la m\u00eame station que celle o\u00f9 vous l'avez lou\u00e9.            <\/p>\n                                    <a href=\"#location\" target=\"_self\" title=\"Infos de location\" class=\"mockups__item__link\" >\n                Infos de location            <\/a>\n                    <\/div>\n            <\/div>\n<\/div>\n<div class=\"mockups__item\">\n    <div class=\"mockups__item__container\">\n                <div class=\"mockups__item__image mockups__item__image__left\">\n                        <div class=\"mockups__item__image__img\">\n                <img loading=\"lazy\" decoding=\"async\" width=\"768\" height=\"1026\" src=\"https:\/\/vls.velhop.strasbourg.eu\/wp-content\/uploads\/sites\/66\/2023\/10\/frontal-1-768x1026.png\" class=\"attachment-nex-sm size-nex-sm\" alt=\"\" srcset=\"https:\/\/vls.velhop.strasbourg.eu\/wp-content\/uploads\/sites\/66\/2023\/10\/frontal-1-768x1026.png 768w, https:\/\/vls.velhop.strasbourg.eu\/wp-content\/uploads\/sites\/66\/2023\/10\/frontal-1-225x300.png 225w, https:\/\/vls.velhop.strasbourg.eu\/wp-content\/uploads\/sites\/66\/2023\/10\/frontal-1-766x1024.png 766w, https:\/\/vls.velhop.strasbourg.eu\/wp-content\/uploads\/sites\/66\/2023\/10\/frontal-1-992x1326.png 992w, https:\/\/vls.velhop.strasbourg.eu\/wp-content\/uploads\/sites\/66\/2023\/10\/frontal-1-480x641.png 480w, https:\/\/vls.velhop.strasbourg.eu\/wp-content\/uploads\/sites\/66\/2023\/10\/frontal-1-105x140.png 105w, https:\/\/vls.velhop.strasbourg.eu\/wp-content\/uploads\/sites\/66\/2023\/10\/frontal-1-75x100.png 75w, https:\/\/vls.velhop.strasbourg.eu\/wp-content\/uploads\/sites\/66\/2023\/10\/frontal-1.png 1044w\" sizes=\"auto, (max-width: 768px) 100vw, 768px\" \/>            <\/div>\n                                                            <div class=\"mockups__item__image__bg parallax\">\n                        <img loading=\"lazy\" decoding=\"async\" width=\"1\" height=\"1\" src=\"https:\/\/vls.velhop.strasbourg.eu\/wp-content\/uploads\/sites\/66\/2023\/07\/bubble-APP.svg\" class=\"attachment-nex-md size-nex-md\" alt=\"\" \/>                    <\/div>\n                                    <\/div>\n                        <div class=\"mockups__item__content mockups__item__content__left\">\n                        <h2 class=\"h3 mockups__item__headline\">\n                Accessible &amp; durable            <\/h2>\n                                    <p class=\"mockups__item__text\">\n                Roulez pour une mobilit\u00e9 saine et durable \u00e0 partir de 1.20 \u20ac !            <\/p>\n                                    <a href=\"#tarifs\" target=\"_self\" title=\"Nos tarifs\" class=\"mockups__item__link\" >\n                Nos tarifs            <\/a>\n                    <\/div>\n            <\/div>\n<\/div>\n<\/div>[\/vc_column][\/vc_row][vc_row ppi_row_type=\u00a0\u00bbppi_bg_grey\u00a0\u00bb full_width=\u00a0\u00bbstretch_row\u00a0\u00bb el_id=\u00a0\u00bblocation\u00a0\u00bb][vc_column]<div class=\"nextbike how-its-done\">\n    <h2>Comment \u00e7a marche ?<\/h2>\n\n    <div class=\"how-its-done__text\">\n        <p><span style=\"font-weight: 400\">La location en station automatique vous permet de disposer ponctuellement d\u2019un V\u00e9lhop. L\u2019acc\u00e8s est limit\u00e9 \u00e0 48 heures cons\u00e9cutives par location.<\/span><\/p>\n<p style=\"text-align: left\">Avant de louer un V\u00e9lhop, <strong>t\u00e9l\u00e9chargez l&rsquo;application mobile<\/strong><strong>\u00a0V\u00e9lhop<\/strong> disponible sur l\u2019<a href=\"https:\/\/apps.apple.com\/us\/app\/v%C3%A9lhop\/id6466035528\"><strong>Apple Store\u00a0<\/strong>\ud83c\udf4f<\/a>\u00a0et sur\u00a0<a href=\"https:\/\/play.google.com\/store\/apps\/details?id=net.nextbike.velhop2\"><strong>Google Play<\/strong>\u00a0\ud83e\udd16<\/a><\/p>\n<p><span style=\"color: red\"><strong>Le retour du v\u00e9lo doit se faire obligatoirement \u00e0 la station de d\u00e9part.<\/strong><\/span><\/p>\n    <\/div>\n\n\n<div class=\"how-its-done__container\">\n                        <div class=\"how-its-done__ctab how-its-done__ctab__tab1 how-its-done__ctab__current\" data-ctab=\"tab1\">\n                <div class=\"how-its-done__image\">\n                    <img loading=\"lazy\" decoding=\"async\" width=\"1\" height=\"1\" src=\"https:\/\/vls.velhop.strasbourg.eu\/wp-content\/uploads\/sites\/66\/2023\/07\/Framelock.svg\" class=\"attachment-nex-md size-nex-md\" alt=\"\" \/>                <\/div>\n                <div class=\"how-its-done__content\">\n                                            <h3 class=\"h5\">INSCRIPTION<\/h3>\n                                                                <p>L'inscription est gratuite. Afin de v\u00e9rifier votre compte, un acompte de 1 \u20ac est requis et deviendra un cr\u00e9dit \u00e0 utiliser ult\u00e9rieurement.<\/p>\n                                                                <h3 class=\"h5\">LOCATION<\/h3>\n                                                                <p>Scannez le QR code situ\u00e9 sur la jupe arri\u00e8re du v\u00e9lo via le lecteur de l\u2019application V\u00e9lhop. Le cadenas s\u2019ouvre automatiquement.<\/p>\n                                                                <h3 class=\"h5\">Garer le v\u00e9lo<\/h3>\n                                                                <p>Vous souhaitez garer le v\u00e9lo sans arr\u00eater votre location ? Rendez-vous dans l'application et s\u00e9lectionnez le mode pause en cliquant sur \"Garer le v\u00e9lo\". Validez, puis verrouillez le cadenas de cadre. La pause ne doit pas s'effectuer en station.<\/p>\n                                                                <h3 class=\"h5\">RETOUR<\/h3>\n                                                                <p>La restitution du v\u00e9lo est gratuite et n\u2019est autoris\u00e9e que dans la station de d\u00e9part. D\u00e9posez le v\u00e9lo sur la borne et verrouillez le cadenas de cadre. La location prend fin automatiquement. Pour les retours en dehors de la station d\u2019origine, des frais de restitution d'un montant de 25 \u20ac sont pr\u00e9lev\u00e9s.<\/p>\n                                    <\/div>\n            <\/div>\n                                                            <\/div>\n<\/div>[\/vc_column][\/vc_row][vc_row el_id=\u00a0\u00bbtarifs\u00a0\u00bb][vc_column]<div class=\"nextbike tariffs\"><h2>Tarifs<\/h2><div class=\"tariffs__text\"><p>L\u2019acc\u00e8s est limit\u00e9 \u00e0 <strong>48 heures<\/strong> par location. Vous pouvez emprunter 1 v\u00e9lo par compte.<\/p>\n<p><span style=\"color: red;background-color: yellow\"><strong>Retour obligatoire \u00e0 la station de d\u00e9part.<\/strong><\/span><\/p>\n<p><strong>Pour le tarif solidaire<\/strong>, les j<span data-olk-copy-source=\"MessageBody\">ustificatifs accept\u00e9s sont l&rsquo;avis d\u2019imposition ou de non-imposition le plus r\u00e9cent.<\/span><\/p>\n<\/p><\/div><div class=\"tariffs__tabs \"><a role=\"button\" href=\"#\" class=\"tariffs__tab tariffs__tab__current\" data-tab=\"Sans abonnement\">Sans abonnement<\/a><a role=\"button\" href=\"#\" class=\"tariffs__tab \" data-tab=\"Abonnements annuels\">Abonnements annuels<\/a><a role=\"button\" href=\"#\" class=\"tariffs__tab \" data-tab=\"Abonnements illimit\u00e9s annuels\">Abonnements illimit\u00e9s annuels<\/a><a role=\"button\" href=\"#\" class=\"tariffs__tab \" data-tab=\"Abonnements illimit\u00e9s mensuels\">Abonnements illimit\u00e9s mensuels<\/a><\/div><div class=\"tariffs__contents\"><div class=\"tariffs__content  tariffs__content__current\" data-content=\"Sans abonnement\"><div class=\"tariffs__content__card\">\n    <span class=\"h5\" role=\"heading\">POUR LES UTILISATEURS OCCASIONNELS<\/span>\n    <h3 class=\"h2\">Tarif horaire<\/h3>\n    <h4 class=\"h3\">1.20 \u20ac\/h<\/h4>\n    <p><p><span style=\"font-weight: 400\">Formule sans abonnement, sans engagement.\u00a0<\/span><\/p>\n<p><span style=\"font-weight: 400\">Tarif par location :\u00a0<\/span><\/p>\n<ul>\n<li style=\"font-weight: 400\">Par heure : 1.20 \u20ac<\/li>\n<li style=\"font-weight: 400\">Jusqu&rsquo;\u00e0 24 h : 7.00 \u20ac<\/li>\n<li>Jusqu&rsquo;\u00e0 48 h : 14.00 \u20ac<\/li>\n<\/ul>\n<p><span style=\"font-weight: 400\">L\u2019acc\u00e8s est limit\u00e9 \u00e0 48 heures cons\u00e9cutives par location. Tout d\u00e9passement est factur\u00e9 de 14 \u20ac \/24h suppl\u00e9mentaires.<\/span><\/p>\n<\/p>\n<\/div>\n<\/div><div class=\"tariffs__content  \" data-content=\"Abonnements annuels\"><div class=\"tariffs__content__card\">\n    <span class=\"h5\" role=\"heading\">Tarif plein<\/span>\n    <h3 class=\"h2\">Abonnement annuel<\/h3>\n    <h4 class=\"h3\">40 \u20ac \/ an<\/h4>\n    <p><p>Tarif par location :<\/p>\n<ul>\n<li>Par heure : 0.30 \u20ac<\/li>\n<li>Jusqu&rsquo;\u00e0 24 h : 3.00 \u20ac<\/li>\n<li>Jusqu&rsquo;\u00e0 48 h : 6.00 \u20ac<\/li>\n<\/ul>\n<p>Acc\u00e8s valable 1 an \u00e0 partir de l\u2019achat. L&rsquo;acc\u00e8s est limit\u00e9 \u00e0 48 heures cons\u00e9cutives par location. Tout d\u00e9passement est factur\u00e9 6 \u20ac\/24 h suppl\u00e9mentaires.<\/p>\n<\/p>\n<\/div>\n<div class=\"tariffs__content__card\">\n    <span class=\"h5\" role=\"heading\">Tarif solidaire<\/span>\n    <h3 class=\"h2\">Abonnement annuel<\/h3>\n    <h4 class=\"h3\">20 \u20ac \/ an<\/h4>\n    <p><p><span style=\"font-weight: 400\">Les <em>tarifs solidaires <\/em>sont r\u00e9serv\u00e9s aux personnes dont le<strong>\u00a0revenu fiscal de r\u00e9f\u00e9rence par part<\/strong> est inf\u00e9rieur ou \u00e9gal \u00e0 <strong>7 500 \u20ac<\/strong>. Pour b\u00e9n\u00e9ficier de ce tarif, veuillez vous pr\u00e9senter \u00e0 l&rsquo;agence V\u00e9lhop Gare avec votre justificatif.<\/span><\/p>\n<p>Tarif par location :<\/p>\n<ul>\n<li>Par heure : 0.15 \u20ac<\/li>\n<li>Jusqu&rsquo;\u00e0 24 h : 1.50 \u20ac<\/li>\n<li>Jusqu&rsquo;\u00e0 48 h : 3.00 \u20ac<\/li>\n<\/ul>\n<p><span style=\"font-weight: 400\">Acc\u00e8s valable 1 an \u00e0 partir de l\u2019achat. L&rsquo;acc\u00e8s est limit\u00e9 \u00e0 48 heures cons\u00e9cutives par location. Tout d\u00e9passement est factur\u00e9 3 \u20ac\/24 h suppl\u00e9mentaires.<\/span><\/p>\n<\/p>\n<\/div>\n<\/div><div class=\"tariffs__content  \" data-content=\"Abonnements illimit\u00e9s annuels\"><div class=\"tariffs__content__card\">\n    <span class=\"h5\" role=\"heading\">Tarif plein<\/span>\n    <h3 class=\"h2\">Illimit\u00e9 annuel<\/h3>\n    <h4 class=\"h3\">108 \u20ac \/ an<\/h4>\n    <p><p><span style=\"font-weight: 400\">Tarif par location : <\/span><strong>gratuit<\/strong><\/p>\n<p><span style=\"font-weight: 400\">Acc\u00e8s valable 1 an \u00e0 partir de l\u2019achat. L&rsquo;acc\u00e8s est limit\u00e9 \u00e0 48 heures cons\u00e9cutives par location. <\/span><\/p>\n<p><span style=\"font-weight: 400\">Tout d\u00e9passement est factur\u00e9 6 \u20ac\/24 h suppl\u00e9mentaires.<\/span><\/p>\n<\/p>\n<\/div>\n<div class=\"tariffs__content__card\">\n    <span class=\"h5\" role=\"heading\">Tarif solidaire<\/span>\n    <h3 class=\"h2\">Illimit\u00e9 annuel<\/h3>\n    <h4 class=\"h3\">54 \u20ac \/ an<\/h4>\n    <p><p><span style=\"font-weight: 400\">Les <em>tarifs solidaires <\/em>sont r\u00e9serv\u00e9s aux personnes dont le<strong>\u00a0revenu fiscal de r\u00e9f\u00e9rence par part<\/strong> est inf\u00e9rieur ou \u00e9gal \u00e0 <strong>7 500 \u20ac<\/strong>. Pour b\u00e9n\u00e9ficier de ce tarif, veuillez vous pr\u00e9senter \u00e0 l&rsquo;agence V\u00e9lhop Gare avec votre justificatif.<\/span><\/p>\n<p><span style=\"font-weight: 400\">Tarif par location : <\/span><strong>gratuit<\/strong><\/p>\n<p><span style=\"font-weight: 400\">Acc\u00e8s valable 1 an \u00e0 partir de l\u2019achat. L&rsquo;acc\u00e8s est limit\u00e9 \u00e0 48 heures cons\u00e9cutives par location. <\/span><\/p>\n<p><span style=\"font-weight: 400\">Tout d\u00e9passement est factur\u00e9 3 \u20ac\/24 h suppl\u00e9mentaires.<\/span><\/p>\n<\/p>\n<\/div>\n<\/div><div class=\"tariffs__content  \" data-content=\"Abonnements illimit\u00e9s mensuels\"><div class=\"tariffs__content__card\">\n    <span class=\"h5\" role=\"heading\">Tarif plein<\/span>\n    <h3 class=\"h2\">Illimit\u00e9 mensuel<\/h3>\n    <h4 class=\"h3\">25 \u20ac \/ mois<\/h4>\n    <p><p><span style=\"font-weight: 400\">Tarif par location : <\/span><strong>gratuit<\/strong><\/p>\n<p><span style=\"font-weight: 400\">Acc\u00e8s valable 1 mois \u00e0 partir de l\u2019achat. L&rsquo;acc\u00e8s est limit\u00e9 \u00e0 48 heures cons\u00e9cutives par location. <\/span><\/p>\n<p><span style=\"font-weight: 400\">Tout d\u00e9passement est factur\u00e9 6 \u20ac\/24 h suppl\u00e9mentaires.<\/span><\/p>\n<\/p>\n<\/div>\n<div class=\"tariffs__content__card\">\n    <span class=\"h5\" role=\"heading\">Tarif solidaire<\/span>\n    <h3 class=\"h2\">Illimit\u00e9 mensuel<\/h3>\n    <h4 class=\"h3\">12.50 \u20ac \/ mois<\/h4>\n    <p><p><span style=\"font-weight: 400\">Les <em>tarifs solidaires <\/em>sont r\u00e9serv\u00e9s aux personnes dont le<strong>\u00a0revenu fiscal de r\u00e9f\u00e9rence par part<\/strong> est inf\u00e9rieur ou \u00e9gal \u00e0 <strong>7 500 \u20ac<\/strong>. Pour b\u00e9n\u00e9ficier de ce tarif, veuillez vous pr\u00e9senter \u00e0 l&rsquo;agence V\u00e9lhop Gare avec votre justificatif.<\/span><\/p>\n<p><span style=\"font-weight: 400\">Tarif par location : <\/span><strong>gratuit<\/strong><\/p>\n<p><span style=\"font-weight: 400\">Acc\u00e8s valable 1 mois \u00e0 partir de l\u2019achat. L&rsquo;acc\u00e8s est limit\u00e9 \u00e0 48 heures cons\u00e9cutives par location. <\/span><\/p>\n<p><span style=\"font-weight: 400\">Tout d\u00e9passement est factur\u00e9 3 \u20ac\/24 h suppl\u00e9mentaires. <\/span><\/p>\n<\/p>\n<\/div>\n<\/div><\/div><\/div>[\/vc_column][\/vc_row][vc_row full_width=\u00a0\u00bbstretch_row_content_no_spaces\u00a0\u00bb disable_element=\u00a0\u00bbyes\u00a0\u00bb][vc_column]<div class=\"nextbike cites\" style=\"background-image:url(https:\/\/vls.velhop.strasbourg.eu\/wp-content\/uploads\/sites\/66\/2023\/07\/Bubbles_section.svg)\";><div class=\"container\"><p>Ce que disent les autres usagers<\/p><p>\u2014<\/p><div class=\"cites__container cites-slider\"><div class=\"cites__slide\">\n    <div class=\"cites__slide__cite\">FR: Funktioniert wunderbar. Fahrtpausen sind auch kein Problem. Habe ich bei anderen Anbietern schon anders erlebt. \ud83d\udc4d\n<\/div>\n    <div class=\"cites__slide__author\">\n        <div class=\"cites__slide__author__name\">Johannes<\/div>\n        <div class=\"cites__slide__author__platform\">FR: Android Nutzer<\/div>\n    <\/div>\n<\/div>\n<div class=\"cites__slide\">\n    <div class=\"cites__slide__cite\">FR: Hab die App f\u00fcr mich entdeckt als ich f\u00fcrs Studium vom Land in die Stadt gezogen bin und mein Fahrrad nicht mitnehmen konnte. FR: Es ist einfach schnell und unkompliziert, noch besser als ich dachte. FR: Geile Idee!<\/div>\n    <div class=\"cites__slide__author\">\n        <div class=\"cites__slide__author__name\">Kimmy<\/div>\n        <div class=\"cites__slide__author__platform\">FR: iOS Nutzerin<\/div>\n    <\/div>\n<\/div>\n<div class=\"cites__slide\">\n    <div class=\"cites__slide__cite\">FR: Funktioniert hier in Innsbruck perfekt! FR: \ud83d\udc4c\ud83c\udffb\ud83d\udc4d\ud83c\udffb Bin sowas von zufrieden. FR: Auch mein Fehler bei der R\u00fcckgabe (Stammkunde) wurde ohne gro\u00dfe Diskussion soeben richtig gestellt. FR: Sehr freundlicher Kundenservice - Preis super - Alles Top - weiter so und vielen Dank!<\/div>\n    <div class=\"cites__slide__author\">\n        <div class=\"cites__slide__author__name\">Renate<\/div>\n        <div class=\"cites__slide__author__platform\">FR: Android Nutzerin<\/div>\n    <\/div>\n<\/div>\n<div class=\"cites__slide\">\n    <div class=\"cites__slide__cite\">FR: Die ungebundene Mobilit\u00e4t in der Stadt ist spitze. FR: Somit hat man immer einen Anschluss an die Bahn oder Bus f\u00fcr die letzten Meter.<\/div>\n    <div class=\"cites__slide__author\">\n        <div class=\"cites__slide__author__name\">Tim<\/div>\n        <div class=\"cites__slide__author__platform\">FR: iOS Nutzer<\/div>\n    <\/div>\n<\/div>\n<\/div>\n                                <\/div>\n                            <\/div>[\/vc_column][\/vc_row][vc_row ppi_row_padding=\u00a0\u00bbppi_remove_padding_bottom\u00a0\u00bb full_width=\u00a0\u00bbstretch_row_content_no_spaces\u00a0\u00bb el_id=\u00a0\u00bbavantages\u00a0\u00bb][vc_column]<div class=\"nextbike slider\">\n            <div class=\"slider__black\">\n            <h2 class=\"h1\">D\u00e9couvrez Strasbourg avec V\u00e9lhop<\/h2>\n        <\/div>\n        <div class=\"full-width-slider\">\n                        <div class=\"slider__slide center\">\n                    <img loading=\"lazy\" decoding=\"async\" width=\"1920\" height=\"1280\" src=\"https:\/\/vls.velhop.strasbourg.eu\/wp-content\/uploads\/sites\/66\/2023\/07\/KLIMASTREIK_nextbike2021_RS__77_75dpi_NEO-1920x1280.jpg\" class=\"attachment-nex-max size-nex-max wp-post-image\" alt=\"\" srcset=\"https:\/\/vls.velhop.strasbourg.eu\/wp-content\/uploads\/sites\/66\/2023\/07\/KLIMASTREIK_nextbike2021_RS__77_75dpi_NEO-1920x1280.jpg 1920w, https:\/\/vls.velhop.strasbourg.eu\/wp-content\/uploads\/sites\/66\/2023\/07\/KLIMASTREIK_nextbike2021_RS__77_75dpi_NEO-300x200.jpg 300w, https:\/\/vls.velhop.strasbourg.eu\/wp-content\/uploads\/sites\/66\/2023\/07\/KLIMASTREIK_nextbike2021_RS__77_75dpi_NEO-1024x683.jpg 1024w, https:\/\/vls.velhop.strasbourg.eu\/wp-content\/uploads\/sites\/66\/2023\/07\/KLIMASTREIK_nextbike2021_RS__77_75dpi_NEO-768x512.jpg 768w, https:\/\/vls.velhop.strasbourg.eu\/wp-content\/uploads\/sites\/66\/2023\/07\/KLIMASTREIK_nextbike2021_RS__77_75dpi_NEO-1200x800.jpg 1200w, https:\/\/vls.velhop.strasbourg.eu\/wp-content\/uploads\/sites\/66\/2023\/07\/KLIMASTREIK_nextbike2021_RS__77_75dpi_NEO-992x661.jpg 992w, https:\/\/vls.velhop.strasbourg.eu\/wp-content\/uploads\/sites\/66\/2023\/07\/KLIMASTREIK_nextbike2021_RS__77_75dpi_NEO-480x320.jpg 480w, https:\/\/vls.velhop.strasbourg.eu\/wp-content\/uploads\/sites\/66\/2023\/07\/KLIMASTREIK_nextbike2021_RS__77_75dpi_NEO-210x140.jpg 210w, https:\/\/vls.velhop.strasbourg.eu\/wp-content\/uploads\/sites\/66\/2023\/07\/KLIMASTREIK_nextbike2021_RS__77_75dpi_NEO-150x100.jpg 150w\" sizes=\"auto, (max-width: 1920px) 100vw, 1920px\" \/>                                            <div class=\"slider__slide__overlay\" style=\"background-color: rgba(0,0,0,0.33);\"><\/div>\n                                        <div class=\"slider__slide__inner container\">\n                        <h3 class=\"h2\">Un v\u00e9lo pour 48 heures, ce n&rsquo;est pas assez ?<\/h3>                        <h4 class=\"h3\">D\u00e9couvrez notre service de location longue dur\u00e9e<\/h4>                        <a class=\"button button--bright\" href=\"https:\/\/velhop.strasbourg.eu\/\" target=\"_self\" title=\"Plus d'infos\">Plus d'infos<\/a>                    <\/div>\n                <\/div>\n                <\/div>\n<\/div>\n[\/vc_column][\/vc_row][vc_row ppi_row_padding=\u00a0\u00bbppi_remove_padding_top,ppi_remove_padding_bottom\u00a0\u00bb content_placement=\u00a0\u00bbmiddle\u00a0\u00bb][vc_column width=\u00a0\u00bb1\/4&Prime;][\/vc_column][vc_column width=\u00a0\u00bb1\/4&Prime;][\/vc_column][vc_column width=\u00a0\u00bb1\/4&Prime;][vc_single_image image=\u00a0\u00bb227&Prime; img_size=\u00a0\u00bbmedium\u00a0\u00bb][\/vc_column][vc_column width=\u00a0\u00bb1\/4&Prime;][vc_column_text]<em data-renderer-mark=\"true\">Service de location de v\u00e9los partag\u00e9s de l\u2019Eurom\u00e9tropole de Strasbourg exploit\u00e9 par Strasbourg Mobilit\u00e9s V\u00e9lo.<\/em>[\/vc_column_text][\/vc_column][\/vc_row]<\/p>\n<\/div>","protected":false},"excerpt":{"rendered":"<p>[vc_row ppi_row_padding=\u00a0\u00bbppi_remove_padding_top,ppi_remove_padding_bottom\u00a0\u00bb full_width=\u00a0\u00bbstretch_row_content_no_spaces\u00a0\u00bb el_class=\u00a0\u00bbstage-row\u00a0\u00bb][vc_column][\/vc_column][\/vc_row][vc_row ppi_row_padding=\u00a0\u00bbppi_remove_padding_top\u00a0\u00bb][vc_column][\/vc_column][\/vc_row][vc_row ppi_row_type=\u00a0\u00bbppi_bg_grey\u00a0\u00bb full_width=\u00a0\u00bbstretch_row\u00a0\u00bb el_id=\u00a0\u00bblocation\u00a0\u00bb][vc_column][\/vc_column][\/vc_row][vc_row el_id=\u00a0\u00bbtarifs\u00a0\u00bb][vc_column][\/vc_column][\/vc_row][vc_row full_width=\u00a0\u00bbstretch_row_content_no_spaces\u00a0\u00bb disable_element=\u00a0\u00bbyes\u00a0\u00bb][vc_column][\/vc_column][\/vc_row][vc_row ppi_row_padding=\u00a0\u00bbppi_remove_padding_bottom\u00a0\u00bb full_width=\u00a0\u00bbstretch_row_content_no_spaces\u00a0\u00bb el_id=\u00a0\u00bbavantages\u00a0\u00bb][vc_column][\/vc_column][\/vc_row][vc_row ppi_row_padding=\u00a0\u00bbppi_remove_padding_top,ppi_remove_padding_bottom\u00a0\u00bb content_placement=\u00a0\u00bbmiddle\u00a0\u00bb][vc_column width=\u00a0\u00bb1\/4&Prime;][\/vc_column][vc_column width=\u00a0\u00bb1\/4&Prime;][\/vc_column][vc_column width=\u00a0\u00bb1\/4&Prime;][vc_single_image image=\u00a0\u00bb227&Prime; img_size=\u00a0\u00bbmedium\u00a0\u00bb][\/vc_column][vc_column width=\u00a0\u00bb1\/4&Prime;][vc_column_text]Service de location de v\u00e9los partag\u00e9s de l\u2019Eurom\u00e9tropole de Strasbourg exploit\u00e9 par Strasbourg Mobilit\u00e9s V\u00e9lo.[\/vc_column_text][\/vc_column][\/vc_row]<\/p>\n","protected":false},"author":5,"featured_media":0,"parent":0,"menu_order":0,"comment_status":"closed","ping_status":"closed","template":"","meta":{"_acf_changed":false,"inline_featured_image":false,"footnotes":""},"class_list":["post-134","page","type-page","status-publish","hentry"],"acf":[],"yoast_head":"<!-- This site is optimized with the Yoast SEO plugin v27.2 - https:\/\/yoast.com\/product\/yoast-seo-wordpress\/ -->\n<title>V\u00e9los en libre-service \u00e0 Strasbourg | V\u00e9lhop<\/title>\n<meta name=\"description\" content=\"Syst\u00e8me de v\u00e9los en libre-service, que ce soit pour 30 minutes ou jusqu&#039;\u00e0 48h. Rep\u00e9rez d\u00e8s maintenant un v\u00e9lo \u00e0 proximit\u00e9. Vous n&#039;\u00eates pas encore inscrit ? Inscrivez-vous d\u00e8s maintenant !\" \/>\n<meta name=\"robots\" content=\"index, follow, max-snippet:-1, max-image-preview:large, max-video-preview:-1\" \/>\n<link rel=\"canonical\" href=\"https:\/\/vls.velhop.strasbourg.eu\/fr\/\" \/>\n<meta property=\"og:locale\" content=\"fr_FR\" \/>\n<meta property=\"og:type\" content=\"article\" \/>\n<meta property=\"og:title\" content=\"V\u00e9los en libre-service \u00e0 Strasbourg | V\u00e9lhop\" \/>\n<meta property=\"og:description\" content=\"Syst\u00e8me de v\u00e9los en libre-service, que ce soit pour 30 minutes ou jusqu&#039;\u00e0 48h. Rep\u00e9rez d\u00e8s maintenant un v\u00e9lo \u00e0 proximit\u00e9. Vous n&#039;\u00eates pas encore inscrit ? Inscrivez-vous d\u00e8s maintenant !\" \/>\n<meta property=\"og:url\" content=\"https:\/\/vls.velhop.strasbourg.eu\/fr\/\" \/>\n<meta property=\"og:site_name\" content=\"Strasbourg\" \/>\n<meta property=\"article:modified_time\" content=\"2025-09-29T13:35:14+00:00\" \/>\n<meta name=\"twitter:card\" content=\"summary_large_image\" \/>\n<meta name=\"twitter:label1\" content=\"Dur\u00e9e de lecture estim\u00e9e\" \/>\n\t<meta name=\"twitter:data1\" content=\"1 minute\" \/>\n<script type=\"application\/ld+json\" class=\"yoast-schema-graph\">{\"@context\":\"https:\/\/schema.org\",\"@graph\":[{\"@type\":\"WebPage\",\"@id\":\"https:\/\/vls.velhop.strasbourg.eu\/fr\/\",\"url\":\"https:\/\/vls.velhop.strasbourg.eu\/fr\/\",\"name\":\"V\u00e9los en libre-service \u00e0 Strasbourg | V\u00e9lhop\",\"isPartOf\":{\"@id\":\"https:\/\/vls.velhop.strasbourg.eu\/fr\/#website\"},\"datePublished\":\"2022-08-11T10:13:00+00:00\",\"dateModified\":\"2025-09-29T13:35:14+00:00\",\"description\":\"Syst\u00e8me de v\u00e9los en libre-service, que ce soit pour 30 minutes ou jusqu'\u00e0 48h. Rep\u00e9rez d\u00e8s maintenant un v\u00e9lo \u00e0 proximit\u00e9. Vous n'\u00eates pas encore inscrit ? Inscrivez-vous d\u00e8s maintenant !\",\"breadcrumb\":{\"@id\":\"https:\/\/vls.velhop.strasbourg.eu\/fr\/#breadcrumb\"},\"inLanguage\":\"fr-FR\",\"potentialAction\":[{\"@type\":\"ReadAction\",\"target\":[\"https:\/\/vls.velhop.strasbourg.eu\/fr\/\"]}]},{\"@type\":\"BreadcrumbList\",\"@id\":\"https:\/\/vls.velhop.strasbourg.eu\/fr\/#breadcrumb\",\"itemListElement\":[{\"@type\":\"ListItem\",\"position\":1,\"name\":\"Startseite\",\"item\":\"https:\/\/vls.velhop.strasbourg.eu\/fr\/\"},{\"@type\":\"ListItem\",\"position\":2,\"name\":\"start\"}]},{\"@type\":\"WebSite\",\"@id\":\"https:\/\/vls.velhop.strasbourg.eu\/fr\/#website\",\"url\":\"https:\/\/vls.velhop.strasbourg.eu\/fr\/\",\"name\":\"Strasbourg\",\"description\":\"Eine weitere Nextbike Websites Website\",\"potentialAction\":[{\"@type\":\"SearchAction\",\"target\":{\"@type\":\"EntryPoint\",\"urlTemplate\":\"https:\/\/vls.velhop.strasbourg.eu\/fr\/?s={search_term_string}\"},\"query-input\":{\"@type\":\"PropertyValueSpecification\",\"valueRequired\":true,\"valueName\":\"search_term_string\"}}],\"inLanguage\":\"fr-FR\"}]}<\/script>\n<!-- \/ Yoast SEO plugin. -->","yoast_head_json":{"title":"V\u00e9los en libre-service \u00e0 Strasbourg | V\u00e9lhop","description":"Syst\u00e8me de v\u00e9los en libre-service, que ce soit pour 30 minutes ou jusqu'\u00e0 48h. Rep\u00e9rez d\u00e8s maintenant un v\u00e9lo \u00e0 proximit\u00e9. Vous n'\u00eates pas encore inscrit ? Inscrivez-vous d\u00e8s maintenant !","robots":{"index":"index","follow":"follow","max-snippet":"max-snippet:-1","max-image-preview":"max-image-preview:large","max-video-preview":"max-video-preview:-1"},"canonical":"https:\/\/vls.velhop.strasbourg.eu\/fr\/","og_locale":"fr_FR","og_type":"article","og_title":"V\u00e9los en libre-service \u00e0 Strasbourg | V\u00e9lhop","og_description":"Syst\u00e8me de v\u00e9los en libre-service, que ce soit pour 30 minutes ou jusqu'\u00e0 48h. Rep\u00e9rez d\u00e8s maintenant un v\u00e9lo \u00e0 proximit\u00e9. Vous n'\u00eates pas encore inscrit ? Inscrivez-vous d\u00e8s maintenant !","og_url":"https:\/\/vls.velhop.strasbourg.eu\/fr\/","og_site_name":"Strasbourg","article_modified_time":"2025-09-29T13:35:14+00:00","twitter_card":"summary_large_image","twitter_misc":{"Dur\u00e9e de lecture estim\u00e9e":"1 minute"},"schema":{"@context":"https:\/\/schema.org","@graph":[{"@type":"WebPage","@id":"https:\/\/vls.velhop.strasbourg.eu\/fr\/","url":"https:\/\/vls.velhop.strasbourg.eu\/fr\/","name":"V\u00e9los en libre-service \u00e0 Strasbourg | V\u00e9lhop","isPartOf":{"@id":"https:\/\/vls.velhop.strasbourg.eu\/fr\/#website"},"datePublished":"2022-08-11T10:13:00+00:00","dateModified":"2025-09-29T13:35:14+00:00","description":"Syst\u00e8me de v\u00e9los en libre-service, que ce soit pour 30 minutes ou jusqu'\u00e0 48h. Rep\u00e9rez d\u00e8s maintenant un v\u00e9lo \u00e0 proximit\u00e9. Vous n'\u00eates pas encore inscrit ? Inscrivez-vous d\u00e8s maintenant !","breadcrumb":{"@id":"https:\/\/vls.velhop.strasbourg.eu\/fr\/#breadcrumb"},"inLanguage":"fr-FR","potentialAction":[{"@type":"ReadAction","target":["https:\/\/vls.velhop.strasbourg.eu\/fr\/"]}]},{"@type":"BreadcrumbList","@id":"https:\/\/vls.velhop.strasbourg.eu\/fr\/#breadcrumb","itemListElement":[{"@type":"ListItem","position":1,"name":"Startseite","item":"https:\/\/vls.velhop.strasbourg.eu\/fr\/"},{"@type":"ListItem","position":2,"name":"start"}]},{"@type":"WebSite","@id":"https:\/\/vls.velhop.strasbourg.eu\/fr\/#website","url":"https:\/\/vls.velhop.strasbourg.eu\/fr\/","name":"Strasbourg","description":"Eine weitere Nextbike Websites Website","potentialAction":[{"@type":"SearchAction","target":{"@type":"EntryPoint","urlTemplate":"https:\/\/vls.velhop.strasbourg.eu\/fr\/?s={search_term_string}"},"query-input":{"@type":"PropertyValueSpecification","valueRequired":true,"valueName":"search_term_string"}}],"inLanguage":"fr-FR"}]}},"_links":{"self":[{"href":"https:\/\/vls.velhop.strasbourg.eu\/fr\/wp-json\/wp\/v2\/pages\/134","targetHints":{"allow":["GET"]}}],"collection":[{"href":"https:\/\/vls.velhop.strasbourg.eu\/fr\/wp-json\/wp\/v2\/pages"}],"about":[{"href":"https:\/\/vls.velhop.strasbourg.eu\/fr\/wp-json\/wp\/v2\/types\/page"}],"author":[{"embeddable":true,"href":"https:\/\/vls.velhop.strasbourg.eu\/fr\/wp-json\/wp\/v2\/users\/5"}],"replies":[{"embeddable":true,"href":"https:\/\/vls.velhop.strasbourg.eu\/fr\/wp-json\/wp\/v2\/comments?post=134"}],"version-history":[{"count":10,"href":"https:\/\/vls.velhop.strasbourg.eu\/fr\/wp-json\/wp\/v2\/pages\/134\/revisions"}],"predecessor-version":[{"id":323,"href":"https:\/\/vls.velhop.strasbourg.eu\/fr\/wp-json\/wp\/v2\/pages\/134\/revisions\/323"}],"wp:attachment":[{"href":"https:\/\/vls.velhop.strasbourg.eu\/fr\/wp-json\/wp\/v2\/media?parent=134"}],"curies":[{"name":"wp","href":"https:\/\/api.w.org\/{rel}","templated":true}]}}